{"id":75495,"date":"2026-04-28T19:44:47","date_gmt":"2026-04-29T01:44:47","guid":{"rendered":"https:\/\/www.porlalibreedomex.com\/wp-content\/uploads\/2026\/04\/Cambio-de-directiva-de-50-mas-1.-Ana-Lilia-Herrera-entrega-la-Presidencia-a-la-Dip.-Monica-Alvarez-de-Morena.Atestigua-la-gobernadora.jpg"},"modified":"2026-04-28T19:44:47","modified_gmt":"2026-04-29T01:44:47","slug":"cambio-de-directiva-de-50-mas-1-ana-lilia-herrera-entrega-la-presidencia-a-la-dip-monica-alvarez-de-morena-atestigua-la-gobernadora","status":"inherit","type":"attachment","link":"https:\/\/www.porlalibreedomex.com\/?attachment_id=75495","title":{"rendered":"Cambio de directiva de 50 m\u00e1s 1. Ana Lilia Herrera entrega la Presidencia a la Dip. M\u00f3nica \u00c1lvarez, de Morena.Atestigua la gobernadora."},"author":3,"featured_media":0,"comment_status":"","ping_status":"closed","template":"","meta":[],"class_list":["post-75495","attachment","type-attachment","status-inherit"],"description":{"rendered":"<p class=\"attachment\"><a href='https:\/\/www.porlalibreedomex.com\/wp-content\/uploads\/2026\/04\/Cambio-de-directiva-de-50-mas-1.-Ana-Lilia-Herrera-entrega-la-Presidencia-a-la-Dip.-Monica-Alvarez-de-Morena.Atestigua-la-gobernadora-scaled.jpg'><img loading=\"lazy\" decoding=\"async\" width=\"300\" height=\"225\" src=\"https:\/\/www.porlalibreedomex.com\/wp-content\/uploads\/2026\/04\/Cambio-de-directiva-de-50-mas-1.-Ana-Lilia-Herrera-entrega-la-Presidencia-a-la-Dip.-Monica-Alvarez-de-Morena.Atestigua-la-gobernadora-300x225.jpg\" class=\"attachment-medium size-medium\" alt=\"\" srcset=\"https:\/\/www.porlalibreedomex.com\/wp-content\/uploads\/2026\/04\/Cambio-de-directiva-de-50-mas-1.-Ana-Lilia-Herrera-entrega-la-Presidencia-a-la-Dip.-Monica-Alvarez-de-Morena.Atestigua-la-gobernadora-300x225.jpg 300w, https:\/\/www.porlalibreedomex.com\/wp-content\/uploads\/2026\/04\/Cambio-de-directiva-de-50-mas-1.-Ana-Lilia-Herrera-entrega-la-Presidencia-a-la-Dip.-Monica-Alvarez-de-Morena.Atestigua-la-gobernadora-1024x768.jpg 1024w, https:\/\/www.porlalibreedomex.com\/wp-content\/uploads\/2026\/04\/Cambio-de-directiva-de-50-mas-1.-Ana-Lilia-Herrera-entrega-la-Presidencia-a-la-Dip.-Monica-Alvarez-de-Morena.Atestigua-la-gobernadora-768x576.jpg 768w, https:\/\/www.porlalibreedomex.com\/wp-content\/uploads\/2026\/04\/Cambio-de-directiva-de-50-mas-1.-Ana-Lilia-Herrera-entrega-la-Presidencia-a-la-Dip.-Monica-Alvarez-de-Morena.Atestigua-la-gobernadora-1536x1152.jpg 1536w, https:\/\/www.porlalibreedomex.com\/wp-content\/uploads\/2026\/04\/Cambio-de-directiva-de-50-mas-1.-Ana-Lilia-Herrera-entrega-la-Presidencia-a-la-Dip.-Monica-Alvarez-de-Morena.Atestigua-la-gobernadora-2048x1536.jpg 2048w, https:\/\/www.porlalibreedomex.com\/wp-content\/uploads\/2026\/04\/Cambio-de-directiva-de-50-mas-1.-Ana-Lilia-Herrera-entrega-la-Presidencia-a-la-Dip.-Monica-Alvarez-de-Morena.Atestigua-la-gobernadora-696x522.jpg 696w, https:\/\/www.porlalibreedomex.com\/wp-content\/uploads\/2026\/04\/Cambio-de-directiva-de-50-mas-1.-Ana-Lilia-Herrera-entrega-la-Presidencia-a-la-Dip.-Monica-Alvarez-de-Morena.Atestigua-la-gobernadora-1068x801.jpg 1068w, https:\/\/www.porlalibreedomex.com\/wp-content\/uploads\/2026\/04\/Cambio-de-directiva-de-50-mas-1.-Ana-Lilia-Herrera-entrega-la-Presidencia-a-la-Dip.-Monica-Alvarez-de-Morena.Atestigua-la-gobernadora-560x420.jpg 560w, https:\/\/www.porlalibreedomex.com\/wp-content\/uploads\/2026\/04\/Cambio-de-directiva-de-50-mas-1.-Ana-Lilia-Herrera-entrega-la-Presidencia-a-la-Dip.-Monica-Alvarez-de-Morena.Atestigua-la-gobernadora-80x60.jpg 80w, https:\/\/www.porlalibreedomex.com\/wp-content\/uploads\/2026\/04\/Cambio-de-directiva-de-50-mas-1.-Ana-Lilia-Herrera-entrega-la-Presidencia-a-la-Dip.-Monica-Alvarez-de-Morena.Atestigua-la-gobernadora-265x198.jpg 265w\" sizes=\"auto, (max-width: 300px) 100vw, 300px\" \/><\/a><\/p>\n"},"caption":{"rendered":""},"alt_text":"","media_type":"image","mime_type":"image\/jpeg","media_details":{"width":2560,"height":1920,"file":"2026\/04\/Cambio-de-directiva-de-50-mas-1.-Ana-Lilia-Herrera-entrega-la-Presidencia-a-la-Dip.-Monica-Alvarez-de-Morena.Atestigua-la-gobernadora-scaled.jpg","filesize":537255,"sizes":{"medium":{"file":"Cambio-de-directiva-de-50-mas-1.-Ana-Lilia-Herrera-entrega-la-Presidencia-a-la-Dip.-Monica-Alvarez-de-Morena.Atestigua-la-gobernadora-300x225.jpg","width":300,"height":225,"filesize":46581,"mime_type":"image\/jpeg","source_url":"https:\/\/www.porlalibreedomex.com\/wp-content\/uploads\/2026\/04\/Cambio-de-directiva-de-50-mas-1.-Ana-Lilia-Herrera-entrega-la-Presidencia-a-la-Dip.-Monica-Alvarez-de-Morena.Atestigua-la-gobernadora-300x225.jpg"},"large":{"file":"Cambio-de-directiva-de-50-mas-1.-Ana-Lilia-Herrera-entrega-la-Presidencia-a-la-Dip.-Monica-Alvarez-de-Morena.Atestigua-la-gobernadora-1024x768.jpg","width":1024,"height":768,"filesize":151220,"mime_type":"image\/jpeg","source_url":"https:\/\/www.porlalibreedomex.com\/wp-content\/uploads\/2026\/04\/Cambio-de-directiva-de-50-mas-1.-Ana-Lilia-Herrera-entrega-la-Presidencia-a-la-Dip.-Monica-Alvarez-de-Morena.Atestigua-la-gobernadora-1024x768.jpg"},"thumbnail":{"file":"Cambio-de-directiva-de-50-mas-1.-Ana-Lilia-Herrera-entrega-la-Presidencia-a-la-Dip.-Monica-Alvarez-de-Morena.Atestigua-la-gobernadora-150x150.jpg","width":150,"height":150,"filesize":35649,"mime_type":"image\/jpeg","source_url":"https:\/\/www.porlalibreedomex.com\/wp-content\/uploads\/2026\/04\/Cambio-de-directiva-de-50-mas-1.-Ana-Lilia-Herrera-entrega-la-Presidencia-a-la-Dip.-Monica-Alvarez-de-Morena.Atestigua-la-gobernadora-150x150.jpg"},"medium_large":{"file":"Cambio-de-directiva-de-50-mas-1.-Ana-Lilia-Herrera-entrega-la-Presidencia-a-la-Dip.-Monica-Alvarez-de-Morena.Atestigua-la-gobernadora-768x576.jpg","width":768,"height":576,"filesize":108030,"mime_type":"image\/jpeg","source_url":"https:\/\/www.porlalibreedomex.com\/wp-content\/uploads\/2026\/04\/Cambio-de-directiva-de-50-mas-1.-Ana-Lilia-Herrera-entrega-la-Presidencia-a-la-Dip.-Monica-Alvarez-de-Morena.Atestigua-la-gobernadora-768x576.jpg"},"1536x1536":{"file":"Cambio-de-directiva-de-50-mas-1.-Ana-Lilia-Herrera-entrega-la-Presidencia-a-la-Dip.-Monica-Alvarez-de-Morena.Atestigua-la-gobernadora-1536x1152.jpg","width":1536,"height":1152,"filesize":255349,"mime_type":"image\/jpeg","source_url":"https:\/\/www.porlalibreedomex.com\/wp-content\/uploads\/2026\/04\/Cambio-de-directiva-de-50-mas-1.-Ana-Lilia-Herrera-entrega-la-Presidencia-a-la-Dip.-Monica-Alvarez-de-Morena.Atestigua-la-gobernadora-1536x1152.jpg"},"2048x2048":{"file":"Cambio-de-directiva-de-50-mas-1.-Ana-Lilia-Herrera-entrega-la-Presidencia-a-la-Dip.-Monica-Alvarez-de-Morena.Atestigua-la-gobernadora-2048x1536.jpg","width":2048,"height":1536,"filesize":382850,"mime_type":"image\/jpeg","source_url":"https:\/\/www.porlalibreedomex.com\/wp-content\/uploads\/2026\/04\/Cambio-de-directiva-de-50-mas-1.-Ana-Lilia-Herrera-entrega-la-Presidencia-a-la-Dip.-Monica-Alvarez-de-Morena.Atestigua-la-gobernadora-2048x1536.jpg"},"td_218x150":{"file":"Cambio-de-directiva-de-50-mas-1.-Ana-Lilia-Herrera-entrega-la-Presidencia-a-la-Dip.-Monica-Alvarez-de-Morena.Atestigua-la-gobernadora-218x150.jpg","width":218,"height":150,"filesize":38906,"mime_type":"image\/jpeg","source_url":"https:\/\/www.porlalibreedomex.com\/wp-content\/uploads\/2026\/04\/Cambio-de-directiva-de-50-mas-1.-Ana-Lilia-Herrera-entrega-la-Presidencia-a-la-Dip.-Monica-Alvarez-de-Morena.Atestigua-la-gobernadora-218x150.jpg"},"td_324x400":{"file":"Cambio-de-directiva-de-50-mas-1.-Ana-Lilia-Herrera-entrega-la-Presidencia-a-la-Dip.-Monica-Alvarez-de-Morena.Atestigua-la-gobernadora-324x400.jpg","width":324,"height":400,"filesize":59060,"mime_type":"image\/jpeg","source_url":"https:\/\/www.porlalibreedomex.com\/wp-content\/uploads\/2026\/04\/Cambio-de-directiva-de-50-mas-1.-Ana-Lilia-Herrera-entrega-la-Presidencia-a-la-Dip.-Monica-Alvarez-de-Morena.Atestigua-la-gobernadora-324x400.jpg"},"td_696x0":{"file":"Cambio-de-directiva-de-50-mas-1.-Ana-Lilia-Herrera-entrega-la-Presidencia-a-la-Dip.-Monica-Alvarez-de-Morena.Atestigua-la-gobernadora-696x522.jpg","width":696,"height":522,"filesize":97141,"mime_type":"image\/jpeg","source_url":"https:\/\/www.porlalibreedomex.com\/wp-content\/uploads\/2026\/04\/Cambio-de-directiva-de-50-mas-1.-Ana-Lilia-Herrera-entrega-la-Presidencia-a-la-Dip.-Monica-Alvarez-de-Morena.Atestigua-la-gobernadora-696x522.jpg"},"td_1068x0":{"file":"Cambio-de-directiva-de-50-mas-1.-Ana-Lilia-Herrera-entrega-la-Presidencia-a-la-Dip.-Monica-Alvarez-de-Morena.Atestigua-la-gobernadora-1068x801.jpg","width":1068,"height":801,"filesize":160082,"mime_type":"image\/jpeg","source_url":"https:\/\/www.porlalibreedomex.com\/wp-content\/uploads\/2026\/04\/Cambio-de-directiva-de-50-mas-1.-Ana-Lilia-Herrera-entrega-la-Presidencia-a-la-Dip.-Monica-Alvarez-de-Morena.Atestigua-la-gobernadora-1068x801.jpg"},"td_0x420":{"file":"Cambio-de-directiva-de-50-mas-1.-Ana-Lilia-Herrera-entrega-la-Presidencia-a-la-Dip.-Monica-Alvarez-de-Morena.Atestigua-la-gobernadora-560x420.jpg","width":560,"height":420,"filesize":77386,"mime_type":"image\/jpeg","source_url":"https:\/\/www.porlalibreedomex.com\/wp-content\/uploads\/2026\/04\/Cambio-de-directiva-de-50-mas-1.-Ana-Lilia-Herrera-entrega-la-Presidencia-a-la-Dip.-Monica-Alvarez-de-Morena.Atestigua-la-gobernadora-560x420.jpg"},"td_80x60":{"file":"Cambio-de-directiva-de-50-mas-1.-Ana-Lilia-Herrera-entrega-la-Presidencia-a-la-Dip.-Monica-Alvarez-de-Morena.Atestigua-la-gobernadora-80x60.jpg","width":80,"height":60,"filesize":30141,"mime_type":"image\/jpeg","source_url":"https:\/\/www.porlalibreedomex.com\/wp-content\/uploads\/2026\/04\/Cambio-de-directiva-de-50-mas-1.-Ana-Lilia-Herrera-entrega-la-Presidencia-a-la-Dip.-Monica-Alvarez-de-Morena.Atestigua-la-gobernadora-80x60.jpg"},"td_100x70":{"file":"Cambio-de-directiva-de-50-mas-1.-Ana-Lilia-Herrera-entrega-la-Presidencia-a-la-Dip.-Monica-Alvarez-de-Morena.Atestigua-la-gobernadora-100x70.jpg","width":100,"height":70,"filesize":31105,"mime_type":"image\/jpeg","source_url":"https:\/\/www.porlalibreedomex.com\/wp-content\/uploads\/2026\/04\/Cambio-de-directiva-de-50-mas-1.-Ana-Lilia-Herrera-entrega-la-Presidencia-a-la-Dip.-Monica-Alvarez-de-Morena.Atestigua-la-gobernadora-100x70.jpg"},"td_265x198":{"file":"Cambio-de-directiva-de-50-mas-1.-Ana-Lilia-Herrera-entrega-la-Presidencia-a-la-Dip.-Monica-Alvarez-de-Morena.Atestigua-la-gobernadora-265x198.jpg","width":265,"height":198,"filesize":43108,"mime_type":"image\/jpeg","source_url":"https:\/\/www.porlalibreedomex.com\/wp-content\/uploads\/2026\/04\/Cambio-de-directiva-de-50-mas-1.-Ana-Lilia-Herrera-entrega-la-Presidencia-a-la-Dip.-Monica-Alvarez-de-Morena.Atestigua-la-gobernadora-265x198.jpg"},"td_324x160":{"file":"Cambio-de-directiva-de-50-mas-1.-Ana-Lilia-Herrera-entrega-la-Presidencia-a-la-Dip.-Monica-Alvarez-de-Morena.Atestigua-la-gobernadora-324x160.jpg","width":324,"height":160,"filesize":43376,"mime_type":"image\/jpeg","source_url":"https:\/\/www.porlalibreedomex.com\/wp-content\/uploads\/2026\/04\/Cambio-de-directiva-de-50-mas-1.-Ana-Lilia-Herrera-entrega-la-Presidencia-a-la-Dip.-Monica-Alvarez-de-Morena.Atestigua-la-gobernadora-324x160.jpg"},"td_324x235":{"file":"Cambio-de-directiva-de-50-mas-1.-Ana-Lilia-Herrera-entrega-la-Presidencia-a-la-Dip.-Monica-Alvarez-de-Morena.Atestigua-la-gobernadora-324x235.jpg","width":324,"height":235,"filesize":48791,"mime_type":"image\/jpeg","source_url":"https:\/\/www.porlalibreedomex.com\/wp-content\/uploads\/2026\/04\/Cambio-de-directiva-de-50-mas-1.-Ana-Lilia-Herrera-entrega-la-Presidencia-a-la-Dip.-Monica-Alvarez-de-Morena.Atestigua-la-gobernadora-324x235.jpg"},"td_356x220":{"file":"Cambio-de-directiva-de-50-mas-1.-Ana-Lilia-Herrera-entrega-la-Presidencia-a-la-Dip.-Monica-Alvarez-de-Morena.Atestigua-la-gobernadora-356x220.jpg","width":356,"height":220,"filesize":49946,"mime_type":"image\/jpeg","source_url":"https:\/\/www.porlalibreedomex.com\/wp-content\/uploads\/2026\/04\/Cambio-de-directiva-de-50-mas-1.-Ana-Lilia-Herrera-entrega-la-Presidencia-a-la-Dip.-Monica-Alvarez-de-Morena.Atestigua-la-gobernadora-356x220.jpg"},"td_356x364":{"file":"Cambio-de-directiva-de-50-mas-1.-Ana-Lilia-Herrera-entrega-la-Presidencia-a-la-Dip.-Monica-Alvarez-de-Morena.Atestigua-la-gobernadora-356x364.jpg","width":356,"height":364,"filesize":59268,"mime_type":"image\/jpeg","source_url":"https:\/\/www.porlalibreedomex.com\/wp-content\/uploads\/2026\/04\/Cambio-de-directiva-de-50-mas-1.-Ana-Lilia-Herrera-entrega-la-Presidencia-a-la-Dip.-Monica-Alvarez-de-Morena.Atestigua-la-gobernadora-356x364.jpg"},"td_533x261":{"file":"Cambio-de-directiva-de-50-mas-1.-Ana-Lilia-Herrera-entrega-la-Presidencia-a-la-Dip.-Monica-Alvarez-de-Morena.Atestigua-la-gobernadora-533x261.jpg","width":533,"height":261,"filesize":62511,"mime_type":"image\/jpeg","source_url":"https:\/\/www.porlalibreedomex.com\/wp-content\/uploads\/2026\/04\/Cambio-de-directiva-de-50-mas-1.-Ana-Lilia-Herrera-entrega-la-Presidencia-a-la-Dip.-Monica-Alvarez-de-Morena.Atestigua-la-gobernadora-533x261.jpg"},"td_534x462":{"file":"Cambio-de-directiva-de-50-mas-1.-Ana-Lilia-Herrera-entrega-la-Presidencia-a-la-Dip.-Monica-Alvarez-de-Morena.Atestigua-la-gobernadora-534x462.jpg","width":534,"height":462,"filesize":79204,"mime_type":"image\/jpeg","source_url":"https:\/\/www.porlalibreedomex.com\/wp-content\/uploads\/2026\/04\/Cambio-de-directiva-de-50-mas-1.-Ana-Lilia-Herrera-entrega-la-Presidencia-a-la-Dip.-Monica-Alvarez-de-Morena.Atestigua-la-gobernadora-534x462.jpg"},"td_696x385":{"file":"Cambio-de-directiva-de-50-mas-1.-Ana-Lilia-Herrera-entrega-la-Presidencia-a-la-Dip.-Monica-Alvarez-de-Morena.Atestigua-la-gobernadora-696x385.jpg","width":696,"height":385,"filesize":85650,"mime_type":"image\/jpeg","source_url":"https:\/\/www.porlalibreedomex.com\/wp-content\/uploads\/2026\/04\/Cambio-de-directiva-de-50-mas-1.-Ana-Lilia-Herrera-entrega-la-Presidencia-a-la-Dip.-Monica-Alvarez-de-Morena.Atestigua-la-gobernadora-696x385.jpg"},"td_741x486":{"file":"Cambio-de-directiva-de-50-mas-1.-Ana-Lilia-Herrera-entrega-la-Presidencia-a-la-Dip.-Monica-Alvarez-de-Morena.Atestigua-la-gobernadora-741x486.jpg","width":741,"height":486,"filesize":100149,"mime_type":"image\/jpeg","source_url":"https:\/\/www.porlalibreedomex.com\/wp-content\/uploads\/2026\/04\/Cambio-de-directiva-de-50-mas-1.-Ana-Lilia-Herrera-entrega-la-Presidencia-a-la-Dip.-Monica-Alvarez-de-Morena.Atestigua-la-gobernadora-741x486.jpg"},"td_1068x580":{"file":"Cambio-de-directiva-de-50-mas-1.-Ana-Lilia-Herrera-entrega-la-Presidencia-a-la-Dip.-Monica-Alvarez-de-Morena.Atestigua-la-gobernadora-1068x580.jpg","width":1068,"height":580,"filesize":135877,"mime_type":"image\/jpeg","source_url":"https:\/\/www.porlalibreedomex.com\/wp-content\/uploads\/2026\/04\/Cambio-de-directiva-de-50-mas-1.-Ana-Lilia-Herrera-entrega-la-Presidencia-a-la-Dip.-Monica-Alvarez-de-Morena.Atestigua-la-gobernadora-1068x580.jpg"},"full":{"file":"Cambio-de-directiva-de-50-mas-1.-Ana-Lilia-Herrera-entrega-la-Presidencia-a-la-Dip.-Monica-Alvarez-de-Morena.Atestigua-la-gobernadora-scaled.jpg","width":2560,"height":1920,"mime_type":"image\/jpeg","source_url":"https:\/\/www.porlalibreedomex.com\/wp-content\/uploads\/2026\/04\/Cambio-de-directiva-de-50-mas-1.-Ana-Lilia-Herrera-entrega-la-Presidencia-a-la-Dip.-Monica-Alvarez-de-Morena.Atestigua-la-gobernadora-scaled.jpg"}},"image_meta":{"aperture":"1.79","credit":"","camera":"M2010J19CG","caption":"","created_timestamp":"1777124425","copyright":"","focal_length":"4.71","iso":"154","shutter_speed":"0.016666666666667","title":"","orientation":"0","keywords":[]},"original_image":"Cambio-de-directiva-de-50-mas-1.-Ana-Lilia-Herrera-entrega-la-Presidencia-a-la-Dip.-Monica-Alvarez-de-Morena.Atestigua-la-gobernadora.jpg"},"post":75494,"source_url":"https:\/\/www.porlalibreedomex.com\/wp-content\/uploads\/2026\/04\/Cambio-de-directiva-de-50-mas-1.-Ana-Lilia-Herrera-entrega-la-Presidencia-a-la-Dip.-Monica-Alvarez-de-Morena.Atestigua-la-gobernadora-scaled.jpg","_links":{"self":[{"href":"https:\/\/www.porlalibreedomex.com\/index.php?rest_route=\/wp\/v2\/media\/75495","targetHints":{"allow":["GET"]}}],"collection":[{"href":"https:\/\/www.porlalibreedomex.com\/index.php?rest_route=\/wp\/v2\/media"}],"about":[{"href":"https:\/\/www.porlalibreedomex.com\/index.php?rest_route=\/wp\/v2\/types\/attachment"}],"author":[{"embeddable":true,"href":"https:\/\/www.porlalibreedomex.com\/index.php?rest_route=\/wp\/v2\/users\/3"}],"replies":[{"embeddable":true,"href":"https:\/\/www.porlalibreedomex.com\/index.php?rest_route=%2Fwp%2Fv2%2Fcomments&post=75495"}],"wp:attached-to":[{"embeddable":true,"post_type":"post","id":75494,"href":"https:\/\/www.porlalibreedomex.com\/index.php?rest_route=\/wp\/v2\/posts\/75494"}],"curies":[{"name":"wp","href":"https:\/\/api.w.org\/{rel}","templated":true}]}}