{"id":74189,"date":"2025-10-31T01:12:51","date_gmt":"2025-10-31T07:12:51","guid":{"rendered":"https:\/\/www.porlalibreedomex.com\/wp-content\/uploads\/2025\/10\/Metepec-Dias-de-Muertos-No-podian-faltar-en-la-ofrenda-las-flores-el-tequila-Y-el-periodico-para-estar-al-tanto-de-las-noticias.jpeg"},"modified":"2025-10-31T01:12:51","modified_gmt":"2025-10-31T07:12:51","slug":"metepec-dias-de-muertos-no-podian-faltar-en-la-ofrenda-las-flores-el-tequila-y-el-periodico-para-estar-al-tanto-de-las-noticias","status":"inherit","type":"attachment","link":"https:\/\/www.porlalibreedomex.com\/?attachment_id=74189","title":{"rendered":"Metepec D\u00edas de Muertos No pod\u00edan faltar en la ofrenda las flores, el tequila Y el peri\u00f3dico para estar al tanto de las noticias!"},"author":3,"featured_media":0,"comment_status":"","ping_status":"closed","template":"","meta":[],"class_list":["post-74189","attachment","type-attachment","status-inherit"],"description":{"rendered":"<p class=\"attachment\"><a href='https:\/\/www.porlalibreedomex.com\/wp-content\/uploads\/2025\/10\/Metepec-Dias-de-Muertos-No-podian-faltar-en-la-ofrenda-las-flores-el-tequila-Y-el-periodico-para-estar-al-tanto-de-las-noticias.jpeg'><img loading=\"lazy\" decoding=\"async\" width=\"300\" height=\"200\" src=\"https:\/\/www.porlalibreedomex.com\/wp-content\/uploads\/2025\/10\/Metepec-Dias-de-Muertos-No-podian-faltar-en-la-ofrenda-las-flores-el-tequila-Y-el-periodico-para-estar-al-tanto-de-las-noticias-300x200.jpeg\" class=\"attachment-medium size-medium\" alt=\"\" srcset=\"https:\/\/www.porlalibreedomex.com\/wp-content\/uploads\/2025\/10\/Metepec-Dias-de-Muertos-No-podian-faltar-en-la-ofrenda-las-flores-el-tequila-Y-el-periodico-para-estar-al-tanto-de-las-noticias-300x200.jpeg 300w, https:\/\/www.porlalibreedomex.com\/wp-content\/uploads\/2025\/10\/Metepec-Dias-de-Muertos-No-podian-faltar-en-la-ofrenda-las-flores-el-tequila-Y-el-periodico-para-estar-al-tanto-de-las-noticias-1024x682.jpeg 1024w, https:\/\/www.porlalibreedomex.com\/wp-content\/uploads\/2025\/10\/Metepec-Dias-de-Muertos-No-podian-faltar-en-la-ofrenda-las-flores-el-tequila-Y-el-periodico-para-estar-al-tanto-de-las-noticias-768x512.jpeg 768w, https:\/\/www.porlalibreedomex.com\/wp-content\/uploads\/2025\/10\/Metepec-Dias-de-Muertos-No-podian-faltar-en-la-ofrenda-las-flores-el-tequila-Y-el-periodico-para-estar-al-tanto-de-las-noticias-696x464.jpeg 696w, https:\/\/www.porlalibreedomex.com\/wp-content\/uploads\/2025\/10\/Metepec-Dias-de-Muertos-No-podian-faltar-en-la-ofrenda-las-flores-el-tequila-Y-el-periodico-para-estar-al-tanto-de-las-noticias-1068x712.jpeg 1068w, https:\/\/www.porlalibreedomex.com\/wp-content\/uploads\/2025\/10\/Metepec-Dias-de-Muertos-No-podian-faltar-en-la-ofrenda-las-flores-el-tequila-Y-el-periodico-para-estar-al-tanto-de-las-noticias-630x420.jpeg 630w, https:\/\/www.porlalibreedomex.com\/wp-content\/uploads\/2025\/10\/Metepec-Dias-de-Muertos-No-podian-faltar-en-la-ofrenda-las-flores-el-tequila-Y-el-periodico-para-estar-al-tanto-de-las-noticias.jpeg 1280w\" sizes=\"auto, (max-width: 300px) 100vw, 300px\" \/><\/a><\/p>\n"},"caption":{"rendered":""},"alt_text":"","media_type":"image","mime_type":"image\/jpeg","media_details":{"width":1280,"height":853,"file":"2025\/10\/Metepec-Dias-de-Muertos-No-podian-faltar-en-la-ofrenda-las-flores-el-tequila-Y-el-periodico-para-estar-al-tanto-de-las-noticias.jpeg","filesize":135311,"sizes":{"medium":{"file":"Metepec-Dias-de-Muertos-No-podian-faltar-en-la-ofrenda-las-flores-el-tequila-Y-el-periodico-para-estar-al-tanto-de-las-noticias-300x200.jpeg","width":300,"height":200,"filesize":18056,"mime_type":"image\/jpeg","source_url":"https:\/\/www.porlalibreedomex.com\/wp-content\/uploads\/2025\/10\/Metepec-Dias-de-Muertos-No-podian-faltar-en-la-ofrenda-las-flores-el-tequila-Y-el-periodico-para-estar-al-tanto-de-las-noticias-300x200.jpeg"},"large":{"file":"Metepec-Dias-de-Muertos-No-podian-faltar-en-la-ofrenda-las-flores-el-tequila-Y-el-periodico-para-estar-al-tanto-de-las-noticias-1024x682.jpeg","width":1024,"height":682,"filesize":129171,"mime_type":"image\/jpeg","source_url":"https:\/\/www.porlalibreedomex.com\/wp-content\/uploads\/2025\/10\/Metepec-Dias-de-Muertos-No-podian-faltar-en-la-ofrenda-las-flores-el-tequila-Y-el-periodico-para-estar-al-tanto-de-las-noticias-1024x682.jpeg"},"thumbnail":{"file":"Metepec-Dias-de-Muertos-No-podian-faltar-en-la-ofrenda-las-flores-el-tequila-Y-el-periodico-para-estar-al-tanto-de-las-noticias-150x150.jpeg","width":150,"height":150,"filesize":7657,"mime_type":"image\/jpeg","source_url":"https:\/\/www.porlalibreedomex.com\/wp-content\/uploads\/2025\/10\/Metepec-Dias-de-Muertos-No-podian-faltar-en-la-ofrenda-las-flores-el-tequila-Y-el-periodico-para-estar-al-tanto-de-las-noticias-150x150.jpeg"},"medium_large":{"file":"Metepec-Dias-de-Muertos-No-podian-faltar-en-la-ofrenda-las-flores-el-tequila-Y-el-periodico-para-estar-al-tanto-de-las-noticias-768x512.jpeg","width":768,"height":512,"filesize":83715,"mime_type":"image\/jpeg","source_url":"https:\/\/www.porlalibreedomex.com\/wp-content\/uploads\/2025\/10\/Metepec-Dias-de-Muertos-No-podian-faltar-en-la-ofrenda-las-flores-el-tequila-Y-el-periodico-para-estar-al-tanto-de-las-noticias-768x512.jpeg"},"td_218x150":{"file":"Metepec-Dias-de-Muertos-No-podian-faltar-en-la-ofrenda-las-flores-el-tequila-Y-el-periodico-para-estar-al-tanto-de-las-noticias-218x150.jpeg","width":218,"height":150,"filesize":11003,"mime_type":"image\/jpeg","source_url":"https:\/\/www.porlalibreedomex.com\/wp-content\/uploads\/2025\/10\/Metepec-Dias-de-Muertos-No-podian-faltar-en-la-ofrenda-las-flores-el-tequila-Y-el-periodico-para-estar-al-tanto-de-las-noticias-218x150.jpeg"},"td_324x400":{"file":"Metepec-Dias-de-Muertos-No-podian-faltar-en-la-ofrenda-las-flores-el-tequila-Y-el-periodico-para-estar-al-tanto-de-las-noticias-324x400.jpeg","width":324,"height":400,"filesize":31805,"mime_type":"image\/jpeg","source_url":"https:\/\/www.porlalibreedomex.com\/wp-content\/uploads\/2025\/10\/Metepec-Dias-de-Muertos-No-podian-faltar-en-la-ofrenda-las-flores-el-tequila-Y-el-periodico-para-estar-al-tanto-de-las-noticias-324x400.jpeg"},"td_696x0":{"file":"Metepec-Dias-de-Muertos-No-podian-faltar-en-la-ofrenda-las-flores-el-tequila-Y-el-periodico-para-estar-al-tanto-de-las-noticias-696x464.jpeg","width":696,"height":464,"filesize":71740,"mime_type":"image\/jpeg","source_url":"https:\/\/www.porlalibreedomex.com\/wp-content\/uploads\/2025\/10\/Metepec-Dias-de-Muertos-No-podian-faltar-en-la-ofrenda-las-flores-el-tequila-Y-el-periodico-para-estar-al-tanto-de-las-noticias-696x464.jpeg"},"td_1068x0":{"file":"Metepec-Dias-de-Muertos-No-podian-faltar-en-la-ofrenda-las-flores-el-tequila-Y-el-periodico-para-estar-al-tanto-de-las-noticias-1068x712.jpeg","width":1068,"height":712,"filesize":137834,"mime_type":"image\/jpeg","source_url":"https:\/\/www.porlalibreedomex.com\/wp-content\/uploads\/2025\/10\/Metepec-Dias-de-Muertos-No-podian-faltar-en-la-ofrenda-las-flores-el-tequila-Y-el-periodico-para-estar-al-tanto-de-las-noticias-1068x712.jpeg"},"td_0x420":{"file":"Metepec-Dias-de-Muertos-No-podian-faltar-en-la-ofrenda-las-flores-el-tequila-Y-el-periodico-para-estar-al-tanto-de-las-noticias-630x420.jpeg","width":630,"height":420,"filesize":61940,"mime_type":"image\/jpeg","source_url":"https:\/\/www.porlalibreedomex.com\/wp-content\/uploads\/2025\/10\/Metepec-Dias-de-Muertos-No-podian-faltar-en-la-ofrenda-las-flores-el-tequila-Y-el-periodico-para-estar-al-tanto-de-las-noticias-630x420.jpeg"},"td_80x60":{"file":"Metepec-Dias-de-Muertos-No-podian-faltar-en-la-ofrenda-las-flores-el-tequila-Y-el-periodico-para-estar-al-tanto-de-las-noticias-80x60.jpeg","width":80,"height":60,"filesize":2184,"mime_type":"image\/jpeg","source_url":"https:\/\/www.porlalibreedomex.com\/wp-content\/uploads\/2025\/10\/Metepec-Dias-de-Muertos-No-podian-faltar-en-la-ofrenda-las-flores-el-tequila-Y-el-periodico-para-estar-al-tanto-de-las-noticias-80x60.jpeg"},"td_100x70":{"file":"Metepec-Dias-de-Muertos-No-podian-faltar-en-la-ofrenda-las-flores-el-tequila-Y-el-periodico-para-estar-al-tanto-de-las-noticias-100x70.jpeg","width":100,"height":70,"filesize":3064,"mime_type":"image\/jpeg","source_url":"https:\/\/www.porlalibreedomex.com\/wp-content\/uploads\/2025\/10\/Metepec-Dias-de-Muertos-No-podian-faltar-en-la-ofrenda-las-flores-el-tequila-Y-el-periodico-para-estar-al-tanto-de-las-noticias-100x70.jpeg"},"td_265x198":{"file":"Metepec-Dias-de-Muertos-No-podian-faltar-en-la-ofrenda-las-flores-el-tequila-Y-el-periodico-para-estar-al-tanto-de-las-noticias-265x198.jpeg","width":265,"height":198,"filesize":16232,"mime_type":"image\/jpeg","source_url":"https:\/\/www.porlalibreedomex.com\/wp-content\/uploads\/2025\/10\/Metepec-Dias-de-Muertos-No-podian-faltar-en-la-ofrenda-las-flores-el-tequila-Y-el-periodico-para-estar-al-tanto-de-las-noticias-265x198.jpeg"},"td_324x160":{"file":"Metepec-Dias-de-Muertos-No-podian-faltar-en-la-ofrenda-las-flores-el-tequila-Y-el-periodico-para-estar-al-tanto-de-las-noticias-324x160.jpeg","width":324,"height":160,"filesize":15670,"mime_type":"image\/jpeg","source_url":"https:\/\/www.porlalibreedomex.com\/wp-content\/uploads\/2025\/10\/Metepec-Dias-de-Muertos-No-podian-faltar-en-la-ofrenda-las-flores-el-tequila-Y-el-periodico-para-estar-al-tanto-de-las-noticias-324x160.jpeg"},"td_324x235":{"file":"Metepec-Dias-de-Muertos-No-podian-faltar-en-la-ofrenda-las-flores-el-tequila-Y-el-periodico-para-estar-al-tanto-de-las-noticias-324x235.jpeg","width":324,"height":235,"filesize":22241,"mime_type":"image\/jpeg","source_url":"https:\/\/www.porlalibreedomex.com\/wp-content\/uploads\/2025\/10\/Metepec-Dias-de-Muertos-No-podian-faltar-en-la-ofrenda-las-flores-el-tequila-Y-el-periodico-para-estar-al-tanto-de-las-noticias-324x235.jpeg"},"td_356x220":{"file":"Metepec-Dias-de-Muertos-No-podian-faltar-en-la-ofrenda-las-flores-el-tequila-Y-el-periodico-para-estar-al-tanto-de-las-noticias-356x220.jpeg","width":356,"height":220,"filesize":22833,"mime_type":"image\/jpeg","source_url":"https:\/\/www.porlalibreedomex.com\/wp-content\/uploads\/2025\/10\/Metepec-Dias-de-Muertos-No-podian-faltar-en-la-ofrenda-las-flores-el-tequila-Y-el-periodico-para-estar-al-tanto-de-las-noticias-356x220.jpeg"},"td_356x364":{"file":"Metepec-Dias-de-Muertos-No-podian-faltar-en-la-ofrenda-las-flores-el-tequila-Y-el-periodico-para-estar-al-tanto-de-las-noticias-356x364.jpeg","width":356,"height":364,"filesize":32763,"mime_type":"image\/jpeg","source_url":"https:\/\/www.porlalibreedomex.com\/wp-content\/uploads\/2025\/10\/Metepec-Dias-de-Muertos-No-podian-faltar-en-la-ofrenda-las-flores-el-tequila-Y-el-periodico-para-estar-al-tanto-de-las-noticias-356x364.jpeg"},"td_533x261":{"file":"Metepec-Dias-de-Muertos-No-podian-faltar-en-la-ofrenda-las-flores-el-tequila-Y-el-periodico-para-estar-al-tanto-de-las-noticias-533x261.jpeg","width":533,"height":261,"filesize":36074,"mime_type":"image\/jpeg","source_url":"https:\/\/www.porlalibreedomex.com\/wp-content\/uploads\/2025\/10\/Metepec-Dias-de-Muertos-No-podian-faltar-en-la-ofrenda-las-flores-el-tequila-Y-el-periodico-para-estar-al-tanto-de-las-noticias-533x261.jpeg"},"td_534x462":{"file":"Metepec-Dias-de-Muertos-No-podian-faltar-en-la-ofrenda-las-flores-el-tequila-Y-el-periodico-para-estar-al-tanto-de-las-noticias-534x462.jpeg","width":534,"height":462,"filesize":56181,"mime_type":"image\/jpeg","source_url":"https:\/\/www.porlalibreedomex.com\/wp-content\/uploads\/2025\/10\/Metepec-Dias-de-Muertos-No-podian-faltar-en-la-ofrenda-las-flores-el-tequila-Y-el-periodico-para-estar-al-tanto-de-las-noticias-534x462.jpeg"},"td_696x385":{"file":"Metepec-Dias-de-Muertos-No-podian-faltar-en-la-ofrenda-las-flores-el-tequila-Y-el-periodico-para-estar-al-tanto-de-las-noticias-696x385.jpeg","width":696,"height":385,"filesize":61998,"mime_type":"image\/jpeg","source_url":"https:\/\/www.porlalibreedomex.com\/wp-content\/uploads\/2025\/10\/Metepec-Dias-de-Muertos-No-podian-faltar-en-la-ofrenda-las-flores-el-tequila-Y-el-periodico-para-estar-al-tanto-de-las-noticias-696x385.jpeg"},"td_741x486":{"file":"Metepec-Dias-de-Muertos-No-podian-faltar-en-la-ofrenda-las-flores-el-tequila-Y-el-periodico-para-estar-al-tanto-de-las-noticias-741x486.jpeg","width":741,"height":486,"filesize":78717,"mime_type":"image\/jpeg","source_url":"https:\/\/www.porlalibreedomex.com\/wp-content\/uploads\/2025\/10\/Metepec-Dias-de-Muertos-No-podian-faltar-en-la-ofrenda-las-flores-el-tequila-Y-el-periodico-para-estar-al-tanto-de-las-noticias-741x486.jpeg"},"td_1068x580":{"file":"Metepec-Dias-de-Muertos-No-podian-faltar-en-la-ofrenda-las-flores-el-tequila-Y-el-periodico-para-estar-al-tanto-de-las-noticias-1068x580.jpeg","width":1068,"height":580,"filesize":116319,"mime_type":"image\/jpeg","source_url":"https:\/\/www.porlalibreedomex.com\/wp-content\/uploads\/2025\/10\/Metepec-Dias-de-Muertos-No-podian-faltar-en-la-ofrenda-las-flores-el-tequila-Y-el-periodico-para-estar-al-tanto-de-las-noticias-1068x580.jpeg"},"full":{"file":"Metepec-Dias-de-Muertos-No-podian-faltar-en-la-ofrenda-las-flores-el-tequila-Y-el-periodico-para-estar-al-tanto-de-las-noticias.jpeg","width":1280,"height":853,"mime_type":"image\/jpeg","source_url":"https:\/\/www.porlalibreedomex.com\/wp-content\/uploads\/2025\/10\/Metepec-Dias-de-Muertos-No-podian-faltar-en-la-ofrenda-las-flores-el-tequila-Y-el-periodico-para-estar-al-tanto-de-las-noticias.jpeg"}},"image_meta":{"aperture":"0","credit":"","camera":"","caption":"","created_timestamp":"0","copyright":"","focal_length":"0","iso":"0","shutter_speed":"0","title":"","orientation":"0","keywords":[]}},"post":74175,"source_url":"https:\/\/www.porlalibreedomex.com\/wp-content\/uploads\/2025\/10\/Metepec-Dias-de-Muertos-No-podian-faltar-en-la-ofrenda-las-flores-el-tequila-Y-el-periodico-para-estar-al-tanto-de-las-noticias.jpeg","_links":{"self":[{"href":"https:\/\/www.porlalibreedomex.com\/index.php?rest_route=\/wp\/v2\/media\/74189","targetHints":{"allow":["GET"]}}],"collection":[{"href":"https:\/\/www.porlalibreedomex.com\/index.php?rest_route=\/wp\/v2\/media"}],"about":[{"href":"https:\/\/www.porlalibreedomex.com\/index.php?rest_route=\/wp\/v2\/types\/attachment"}],"author":[{"embeddable":true,"href":"https:\/\/www.porlalibreedomex.com\/index.php?rest_route=\/wp\/v2\/users\/3"}],"replies":[{"embeddable":true,"href":"https:\/\/www.porlalibreedomex.com\/index.php?rest_route=%2Fwp%2Fv2%2Fcomments&post=74189"}],"wp:attached-to":[{"embeddable":true,"post_type":"post","id":74175,"href":"https:\/\/www.porlalibreedomex.com\/index.php?rest_route=\/wp\/v2\/posts\/74175"}],"curies":[{"name":"wp","href":"https:\/\/api.w.org\/{rel}","templated":true}]}}